{"id":58,"date":"2025-10-31T12:50:18","date_gmt":"2025-10-31T12:50:18","guid":{"rendered":"http:\/\/musikogtro.dk\/?page_id=58"},"modified":"2025-11-02T13:46:05","modified_gmt":"2025-11-02T13:46:05","slug":"naar-musik-og-fortaelling-moedes","status":"publish","type":"page","link":"https:\/\/musikogtro.dk\/","title":{"rendered":"Musik og Tro"},"content":{"rendered":"\n<div class=\"wp-block-group alignfull has-global-padding is-content-justification-center is-layout-constrained wp-container-core-group-is-layout-9f9d62a4 wp-block-group-is-layout-constrained\" style=\"padding-top:var(--wp--preset--spacing--50);padding-right:var(--wp--preset--spacing--50);padding-bottom:var(--wp--preset--spacing--50);padding-left:var(--wp--preset--spacing--50)\">\n<div class=\"wp-block-group has-global-padding is-layout-constrained wp-container-core-group-is-layout-650790e1 wp-block-group-is-layout-constrained\">\n<h2 class=\"wp-block-heading has-text-align-center\" id=\"musik-og-tro\" id=\"musik-og-tro\" id=\"musik-og-tro\">Musik og Tro<\/h2>\n\n\n\n<h5 class=\"wp-block-heading has-text-align-center\" id=\"nar-toner-og-fortaelling-moedes\" id=\"nar-toner-og-fortaelling-moedes\" id=\"nar-toner-og-fortaelling-moedes\">&#8211; N\u00e5r toner og fort\u00e6lling m\u00f8des<\/h5>\n\n\n\n<div style=\"height:1.25rem\" aria-hidden=\"true\" class=\"wp-block-spacer\"><\/div>\n\n\n\n<p class=\"has-text-align-center\"> <em>Musik og tro<\/em> er et musikalsk samarbejde mellem kirke og musiker, frem i mod en kirkekoncert, temagudstjeneste eller lignende.<\/p>\n\n\n\n<div style=\"height:1.25rem\" aria-hidden=\"true\" class=\"wp-block-spacer\"><\/div>\n\n\n\n<p class=\"has-text-align-center\">Sammen skaber vi et rum for oplevelse, n\u00e6rv\u00e6r og f\u00e6llesskab i kirken.<\/p>\n\n\n\n<blockquote class=\"wp-block-quote has-text-align-right is-layout-flow wp-block-quote-is-layout-flow\">\n<p class=\"has-text-align-right has-eccp-regular-font-size\"><em>\u201cHvor ordet slipper, begynder musikken.\u201d<\/em><\/p>\n<cite><strong>H.C. Andersen<\/strong><\/cite><\/blockquote>\n\n\n\n<div style=\"height:1.25rem\" aria-hidden=\"true\" class=\"wp-block-spacer\"><\/div>\n\n\n\n<div class=\"wp-block-buttons is-content-justification-center is-layout-flex wp-container-core-buttons-is-layout-a89b3969 wp-block-buttons-is-layout-flex\">\n<div class=\"wp-block-button\"><a class=\"wp-block-button__link wp-element-button\" href=\"https:\/\/musikogtro.dk\/#kontakt\" rel=\"#kontakt\">Kontakt mig<\/a><\/div>\n<\/div>\n<\/div>\n\n\n\n<div style=\"height:var(--wp--preset--spacing--30)\" aria-hidden=\"true\" class=\"wp-block-spacer\"><\/div>\n\n\n\n<figure class=\"wp-block-image alignwide size-full is-style-rounded is-style-rounded--1\"><img loading=\"lazy\" decoding=\"async\" width=\"1392\" height=\"752\" src=\"http:\/\/musikogtro.dk\/wp-content\/uploads\/2025\/11\/Jon-i-teateret.jpg\" alt=\"Musik og Tro: Han tror p\u00e5 musikken - Jon Bjarnason p\u00e5 Svendborg Teater.\" class=\"wp-image-117\" srcset=\"https:\/\/musikogtro.dk\/wp-content\/uploads\/2025\/11\/Jon-i-teateret.jpg 1392w, https:\/\/musikogtro.dk\/wp-content\/uploads\/2025\/11\/Jon-i-teateret-300x162.jpg 300w, https:\/\/musikogtro.dk\/wp-content\/uploads\/2025\/11\/Jon-i-teateret-1024x553.jpg 1024w, https:\/\/musikogtro.dk\/wp-content\/uploads\/2025\/11\/Jon-i-teateret-768x415.jpg 768w\" sizes=\"auto, (max-width: 1392px) 100vw, 1392px\" \/><\/figure>\n<\/div>\n\n\n\n<div class=\"wp-block-group alignfull has-global-padding is-layout-constrained wp-container-core-group-is-layout-490fa1db wp-block-group-is-layout-constrained\" style=\"padding-top:var(--wp--preset--spacing--50);padding-right:var(--wp--preset--spacing--50);padding-bottom:var(--wp--preset--spacing--50);padding-left:var(--wp--preset--spacing--50)\">\n<div class=\"wp-block-group has-global-padding is-layout-constrained wp-container-core-group-is-layout-650790e1 wp-block-group-is-layout-constrained\">\n<h2 class=\"wp-block-heading has-text-align-center\" id=\"om-projektet\" id=\"om-projektet\" id=\"om-projektet\">Om projektet<\/h2>\n\n\n\n<h5 class=\"wp-block-heading has-text-align-center\" id=\"et-samarbejde-om-tro-fortaelling-og-musik\" id=\"et-samarbejde-om-tro-fortaelling-og-musik\" id=\"et-samarbejde-om-tro-fortaelling-og-musik\">&#8211; Et samarbejde om tro, fort\u00e6lling og musik.<\/h5>\n\n\n\n<div style=\"height:20px\" aria-hidden=\"true\" class=\"wp-block-spacer\"><\/div>\n\n\n\n<p class=\"has-text-align-center\">Hvert arrangement bliver til i dialog mellem kirkens ansvarlige eller lokale akt\u00f8rer og mig og mit netv\u00e6rk.<\/p>\n\n\n\n<div style=\"height:1.25rem\" aria-hidden=\"true\" class=\"wp-block-spacer\"><\/div>\n\n\n\n<p class=\"has-text-align-center\"> Alt efter hvad vi arbejder os frem til ift arrangementets indhold og form, samt budget og ressourcer samler jeg et hold der kan l\u00f8se opgaven mere end tilfredstillende inden for den givne ramme. Vores afstemning af forventninger og ambitionsniveau foreg\u00e5r gerne l\u00f8bende og god tid er en foruds\u00e6tning for at det kan blive unikt i forhold til netop din menighed.<\/p>\n\n\n\n<div style=\"height:20px\" aria-hidden=\"true\" class=\"wp-block-spacer\"><\/div>\n\n\n\n<p>Med <em>Musik og Tro<\/em> skaber vi et udtryk, hvor musikken underst\u00f8tter ordene \u2013 og ordene giver musikken mening.<\/p>\n\n\n\n<div style=\"height:20px\" aria-hidden=\"true\" class=\"wp-block-spacer\"><\/div>\n\n\n\n<h4 class=\"wp-block-heading has-text-align-center\" id=\"ideer\" id=\"ideer\" id=\"ideer\">Id\u00e9er:<\/h4>\n\n\n\n<div style=\"height:20px\" aria-hidden=\"true\" class=\"wp-block-spacer\"><\/div>\n\n\n\n<ul class=\"wp-block-list\">\n<li>Musikalsk samtaleaften eller foredrag \u2013 hvor fort\u00e6lling og sang m\u00f8des.<\/li>\n\n\n\n<li>Kirkekoncert \u2013 fortolkninger af sange om liv, k\u00e6rlighed, d\u00f8d og h\u00e5b.<\/li>\n\n\n\n<li>Temagudstjeneste \u2013 hvor musik og pr\u00e6diken v\u00e6ves sammen.<\/li>\n\n\n\n<li>F\u00e6llessang \u2013 kan inddrages som en naturlig del af koncerten eller gudstjenesten. Publikum inviteres til at synge med p\u00e5 udvalgte sange eller salmer, s\u00e5 musikken bliver en delt oplevelse \u2013 ikke kun en optr\u00e6den.<\/li>\n\n\n\n<li><em>Musik og Tro<\/em> kan indg\u00e5 som et musikalsk forl\u00f8b i konfirmandundervisningen \u2013 med fokus p\u00e5 sang, refleksion og samtale om tro og liv gennem musikken. Der kan arbejdes med f\u00e6lles sange, tekstfortolkning eller improvisationer som udtryk for tro og identitet.<\/li>\n<\/ul>\n\n\n\n<blockquote class=\"wp-block-quote has-text-align-right is-layout-flow wp-block-quote-is-layout-flow\">\n<p class=\"has-text-align-right has-eccp-regular-font-size\"><em><em>\u201cMennesket kan ikke leve uden fort\u00e6lling. Det er gennem fort\u00e6llingen, vi forst\u00e5r livet.\u201d<\/em><\/em><\/p>\n<cite><strong><strong>Svend Bjerg<\/strong><\/strong><\/cite><\/blockquote>\n\n\n\n<div class=\"wp-block-buttons is-content-justification-center is-layout-flex wp-container-core-buttons-is-layout-a89b3969 wp-block-buttons-is-layout-flex\">\n<div class=\"wp-block-button\"><a class=\"wp-block-button__link has-text-align-center wp-element-button\" href=\"https:\/\/musikogtro.dk\/#kontakt\">Kontakt mig<\/a><\/div>\n<\/div>\n<\/div>\n\n\n\n<div style=\"height:var(--wp--preset--spacing--30)\" aria-hidden=\"true\" class=\"wp-block-spacer\"><\/div>\n\n\n\n<figure class=\"wp-block-image alignwide size-full is-style-rounded is-style-rounded--2\"><img loading=\"lazy\" decoding=\"async\" width=\"686\" height=\"719\" src=\"http:\/\/musikogtro.dk\/wp-content\/uploads\/2025\/10\/Jon-paa-torvetJPG1.jpg\" alt=\"Musik og Tro: Jon Bjarnason fort\u00e6ller med musikken - Her er det udend\u00f8rs.\" class=\"wp-image-79\" srcset=\"https:\/\/musikogtro.dk\/wp-content\/uploads\/2025\/10\/Jon-paa-torvetJPG1.jpg 686w, https:\/\/musikogtro.dk\/wp-content\/uploads\/2025\/10\/Jon-paa-torvetJPG1-286x300.jpg 286w\" sizes=\"auto, (max-width: 686px) 100vw, 686px\" \/><\/figure>\n<\/div>\n\n\n\n<div class=\"wp-block-group alignfull has-global-padding is-layout-constrained wp-container-core-group-is-layout-490fa1db wp-block-group-is-layout-constrained\" style=\"padding-top:var(--wp--preset--spacing--50);padding-right:var(--wp--preset--spacing--50);padding-bottom:var(--wp--preset--spacing--50);padding-left:var(--wp--preset--spacing--50)\">\n<div class=\"wp-block-group has-global-padding is-layout-constrained wp-container-core-group-is-layout-650790e1 wp-block-group-is-layout-constrained\">\n<h2 class=\"wp-block-heading has-text-align-center has-x-large-font-size\" id=\"musikken\" id=\"musikken\" id=\"musikken\">Musikken<\/h2>\n\n\n\n<div style=\"height:1.25rem\" aria-hidden=\"true\" class=\"wp-block-spacer\"><\/div>\n\n\n\n<p class=\"has-text-align-center\">Musikken kan v\u00e6re pop, folk, americana, jazz, vise- og salmesang \u2013 med respekt for tekstens poesi og den danske sangtradition.  <br>Repertoiret v\u00e6lges gerne i f\u00e6llesskab \u2013 og kan sp\u00e6nde fra Carl Nielsen og Grundtvig til Anne Linnet, Sebastian eller fortolkninger af salmer og h\u00f8jskolesange. Hvis alt g\u00e5r som det plejer, vil selve fremf\u00f8relsen af musikken g\u00e5 i samspil med ordet p\u00e5 dagen og fange nu&#8217;et og lade oplevelsen b\u00e6re sig selv.<\/p>\n\n\n\n<div style=\"height:1.25rem\" aria-hidden=\"true\" class=\"wp-block-spacer\"><\/div>\n\n\n\n<p class=\"has-text-align-center\"><em>Musik og Tro<\/em> er en levende rejse mellem ord og toner, forankret i traditionen, i kirkens og sangens arv, uden at det bliver alt for st\u00f8vet.<\/p>\n<\/div>\n\n\n\n<div class=\"wp-block-group has-global-padding is-layout-constrained wp-container-core-group-is-layout-650790e1 wp-block-group-is-layout-constrained\">\n<blockquote class=\"wp-block-quote has-text-align-right is-layout-flow wp-block-quote-is-layout-flow\">\n<p class=\"has-text-align-right has-eccp-regular-font-size\"><em><em><em>\u201cSangen har vinger og b\u00e6rer vor tanke, hvor ord ikke sl\u00e5r til.\u201d<\/em><\/em><\/em><\/p>\n<cite><strong><strong><strong>N.F.S. Grundtvig<\/strong><\/strong><\/strong><\/cite><\/blockquote>\n<\/div>\n\n\n\n<div class=\"wp-block-buttons is-content-justification-center is-layout-flex wp-container-core-buttons-is-layout-a89b3969 wp-block-buttons-is-layout-flex\">\n<div class=\"wp-block-button\"><a class=\"wp-block-button__link has-text-align-center wp-element-button\" href=\"https:\/\/musikogtro.dk\/#lyt\">Lyt<\/a><\/div>\n<\/div>\n\n\n\n<div style=\"height:var(--wp--preset--spacing--30)\" aria-hidden=\"true\" class=\"wp-block-spacer\"><\/div>\n\n\n\n<figure class=\"wp-block-image alignwide size-full is-style-rounded is-style-rounded--3\"><img loading=\"lazy\" decoding=\"async\" width=\"2560\" height=\"2560\" src=\"http:\/\/musikogtro.dk\/wp-content\/uploads\/2025\/10\/Southland-Jazzband-Jon1-scaled.jpg\" alt=\"Musik og Tro: Jon Bjarnason synger og spiller banjo i Ballerup Jazzklub med Soutland Jazzband.\" class=\"wp-image-81\" srcset=\"https:\/\/musikogtro.dk\/wp-content\/uploads\/2025\/10\/Southland-Jazzband-Jon1-scaled.jpg 2560w, https:\/\/musikogtro.dk\/wp-content\/uploads\/2025\/10\/Southland-Jazzband-Jon1-300x300.jpg 300w, https:\/\/musikogtro.dk\/wp-content\/uploads\/2025\/10\/Southland-Jazzband-Jon1-1024x1024.jpg 1024w, https:\/\/musikogtro.dk\/wp-content\/uploads\/2025\/10\/Southland-Jazzband-Jon1-150x150.jpg 150w, https:\/\/musikogtro.dk\/wp-content\/uploads\/2025\/10\/Southland-Jazzband-Jon1-768x768.jpg 768w, https:\/\/musikogtro.dk\/wp-content\/uploads\/2025\/10\/Southland-Jazzband-Jon1-1536x1536.jpg 1536w, https:\/\/musikogtro.dk\/wp-content\/uploads\/2025\/10\/Southland-Jazzband-Jon1-2048x2048.jpg 2048w\" sizes=\"auto, (max-width: 2560px) 100vw, 2560px\" \/><\/figure>\n<\/div>\n\n\n\n<div class=\"wp-block-group alignfull has-global-padding is-layout-constrained wp-container-core-group-is-layout-490fa1db wp-block-group-is-layout-constrained\" style=\"padding-top:var(--wp--preset--spacing--50);padding-right:var(--wp--preset--spacing--50);padding-bottom:var(--wp--preset--spacing--50);padding-left:var(--wp--preset--spacing--50)\">\n<div class=\"wp-block-group has-global-padding is-layout-constrained wp-container-core-group-is-layout-650790e1 wp-block-group-is-layout-constrained\">\n<h2 class=\"wp-block-heading has-text-align-center has-x-large-font-size\" id=\"om-mig\" id=\"om-mig\" id=\"om-mig\">Om mig<\/h2>\n\n\n\n<div style=\"height:1.25rem\" aria-hidden=\"true\" class=\"wp-block-spacer\"><\/div>\n\n\n\n<p class=\"has-text-align-center\">Jeg er sanger, guitarist og l\u00e6rer \u2013 med mange \u00e5rs erfaring som underviser, turnerende musiker og formidler. Jeg har undervist i folkeskole, friskole, efterskole, specialskole og musikskole. Jeg har siden den 1. marts 2025 valgt musikken p\u00e5 fuld tid og er nu bandleader, sideman, freelancer og projektmager, samtidig med at jeg p\u00e5tager mig undervisning i forskellige musikalske sammenh\u00e6nge en gang i mellem.<\/p>\n\n\n\n<div style=\"height:1.25rem\" aria-hidden=\"true\" class=\"wp-block-spacer\"><\/div>\n\n\n\n<p class=\"has-text-align-center\">Jeg har skrevet bachelor i kristendomskundskab med fokus p\u00e5 fort\u00e6llingens kraft, og jeg tror p\u00e5, at samspillet mellem musik og ord kan bygge bro mellem mennesker.<\/p>\n\n\n\n<div style=\"height:1.25rem\" aria-hidden=\"true\" class=\"wp-block-spacer\"><\/div>\n\n\n\n<p class=\"has-text-align-center\"><em>Musik og Tro<\/em> handler for mig om at v\u00e6re forankret i traditionen \u2013 og samtidig \u00e5ben og n\u00e6rv\u00e6rende. Tekst og toner, fort\u00e6lling og musik m\u00f8des i en stille samtale mellem fortid og nutid og bygger bro til fremtiden.<\/p>\n\n\n\n<blockquote class=\"wp-block-quote has-text-align-right is-layout-flow wp-block-quote-is-layout-flow\">\n<p class=\"has-text-align-right has-eccp-regular-font-size\"><em>\u201cMusikken er hjertets sprog.\u201d<\/em><\/p>\n<cite><strong>Carl Nielsen<\/strong><\/cite><\/blockquote>\n\n\n\n<div class=\"wp-block-buttons is-content-justification-center is-layout-flex wp-container-core-buttons-is-layout-a89b3969 wp-block-buttons-is-layout-flex\">\n<div class=\"wp-block-button\"><a class=\"wp-block-button__link has-text-align-center wp-element-button\" href=\"https:\/\/musikogtro.dk\/#kontakt\">Kontakt mig<\/a><\/div>\n<\/div>\n<\/div>\n\n\n\n<div style=\"height:var(--wp--preset--spacing--30)\" aria-hidden=\"true\" class=\"wp-block-spacer\"><\/div>\n\n\n\n<figure class=\"wp-block-image alignwide size-full is-style-rounded is-style-rounded--4\"><img loading=\"lazy\" decoding=\"async\" width=\"1000\" height=\"1500\" src=\"https:\/\/musikogtro.dk\/wp-content\/uploads\/2025\/11\/IMG_6819.jpg\" alt=\"Musik og Tro: Jon Bjarnason spiller p\u00e5 sin jazzguitar og t\u00e6nker: Man har vel lov at dr\u00f8mme.\" class=\"wp-image-177\" srcset=\"https:\/\/musikogtro.dk\/wp-content\/uploads\/2025\/11\/IMG_6819.jpg 1000w, https:\/\/musikogtro.dk\/wp-content\/uploads\/2025\/11\/IMG_6819-200x300.jpg 200w, https:\/\/musikogtro.dk\/wp-content\/uploads\/2025\/11\/IMG_6819-683x1024.jpg 683w, https:\/\/musikogtro.dk\/wp-content\/uploads\/2025\/11\/IMG_6819-768x1152.jpg 768w\" sizes=\"auto, (max-width: 1000px) 100vw, 1000px\" \/><\/figure>\n<\/div>\n\n\n\n<div class=\"wp-block-group alignfull has-global-padding is-layout-constrained wp-container-core-group-is-layout-490fa1db wp-block-group-is-layout-constrained\" style=\"padding-top:var(--wp--preset--spacing--50);padding-right:var(--wp--preset--spacing--50);padding-bottom:var(--wp--preset--spacing--50);padding-left:var(--wp--preset--spacing--50)\">\n<div class=\"wp-block-group has-global-padding is-layout-constrained wp-container-core-group-is-layout-650790e1 wp-block-group-is-layout-constrained\">\n<h2 class=\"wp-block-heading has-text-align-center has-x-large-font-size\" id=\"lyt\" id=\"lyt-og-se\" id=\"lyt-og-se\" id=\"lyt-og-se\">Lyt og se<\/h2>\n\n\n\n<h5 class=\"wp-block-heading has-text-align-center\" id=\"hvad-jeg-ellers-gar-og-laver\" id=\"hvad-jeg-ellers-gar-og-laver\" id=\"hvad-jeg-ellers-gar-og-laver\">&#8211; Hvad jeg ellers g\u00e5r og laver<\/h5>\n\n\n\n<div style=\"height:20px\" aria-hidden=\"true\" class=\"wp-block-spacer\"><\/div>\n\n\n\n<div class=\"wp-block-columns is-layout-flex wp-container-core-columns-is-layout-28f84493 wp-block-columns-is-layout-flex\">\n<div class=\"wp-block-column is-layout-flow wp-block-column-is-layout-flow\">\n<figure class=\"wp-block-embed is-type-video is-provider-youtube wp-block-embed-youtube wp-embed-aspect-9-16 wp-has-aspect-ratio\"><div class=\"wp-block-embed__wrapper\">\n<iframe loading=\"lazy\" title=\"Bal i Guldsalen - The Swinging All Stars\" width=\"422\" height=\"750\" src=\"https:\/\/www.youtube.com\/embed\/r2ckezYA_L0?feature=oembed\" frameborder=\"0\" allow=\"accelerometer; autoplay; clipboard-write; encrypted-media; gyroscope; picture-in-picture; web-share\" referrerpolicy=\"strict-origin-when-cross-origin\" allowfullscreen><\/iframe>\n<\/div><\/figure>\n<\/div>\n\n\n\n<div class=\"wp-block-column is-layout-flow wp-block-column-is-layout-flow\">\n<figure class=\"wp-block-embed is-type-video is-provider-youtube wp-block-embed-youtube wp-embed-aspect-16-9 wp-has-aspect-ratio\"><div class=\"wp-block-embed__wrapper\">\n<iframe loading=\"lazy\" title=\"Jon Bjarnason Trio - Sweet Sue\" width=\"500\" height=\"281\" src=\"https:\/\/www.youtube.com\/embed\/0bIz5unKcqk?feature=oembed\" frameborder=\"0\" allow=\"accelerometer; autoplay; clipboard-write; encrypted-media; gyroscope; picture-in-picture; web-share\" referrerpolicy=\"strict-origin-when-cross-origin\" allowfullscreen><\/iframe>\n<\/div><\/figure>\n\n\n\n<figure class=\"wp-block-embed is-type-video is-provider-youtube wp-block-embed-youtube wp-embed-aspect-16-9 wp-has-aspect-ratio\"><div class=\"wp-block-embed__wrapper\">\n<iframe loading=\"lazy\" title=\"Just The Two Of Us - medley\" width=\"500\" height=\"281\" src=\"https:\/\/www.youtube.com\/embed\/h8kAE3_xAkw?feature=oembed\" frameborder=\"0\" allow=\"accelerometer; autoplay; clipboard-write; encrypted-media; gyroscope; picture-in-picture; web-share\" referrerpolicy=\"strict-origin-when-cross-origin\" allowfullscreen><\/iframe>\n<\/div><\/figure>\n\n\n\n<figure class=\"wp-block-embed is-type-video is-provider-youtube wp-block-embed-youtube wp-embed-aspect-16-9 wp-has-aspect-ratio\"><div class=\"wp-block-embed__wrapper\">\n<iframe loading=\"lazy\" title=\"Its all your fault\" width=\"500\" height=\"281\" src=\"https:\/\/www.youtube.com\/embed\/0rorsAsHMsE?feature=oembed\" frameborder=\"0\" allow=\"accelerometer; autoplay; clipboard-write; encrypted-media; gyroscope; picture-in-picture; web-share\" referrerpolicy=\"strict-origin-when-cross-origin\" allowfullscreen><\/iframe>\n<\/div><\/figure>\n<\/div>\n<\/div>\n\n\n\n<div class=\"wp-block-group is-nowrap is-layout-flex wp-container-core-group-is-layout-6c531013 wp-block-group-is-layout-flex\">\n<figure class=\"wp-block-embed is-type-video is-provider-youtube wp-block-embed-youtube wp-embed-aspect-9-16 wp-has-aspect-ratio\"><div class=\"wp-block-embed__wrapper\">\n<iframe loading=\"lazy\" title=\"Bal i Guldsalen - The Swinging All Stars\" width=\"422\" height=\"750\" src=\"https:\/\/www.youtube.com\/embed\/r2ckezYA_L0?feature=oembed\" frameborder=\"0\" allow=\"accelerometer; autoplay; clipboard-write; encrypted-media; gyroscope; picture-in-picture; web-share\" referrerpolicy=\"strict-origin-when-cross-origin\" allowfullscreen><\/iframe>\n<\/div><\/figure>\n<\/div>\n<\/div>\n\n\n\n<div style=\"height:20px\" aria-hidden=\"true\" class=\"wp-block-spacer\"><\/div>\n\n\n\n<div class=\"wp-block-buttons is-content-justification-center is-layout-flex wp-container-core-buttons-is-layout-a89b3969 wp-block-buttons-is-layout-flex\">\n<div class=\"wp-block-button\"><a class=\"wp-block-button__link has-text-align-center wp-element-button\" href=\"https:\/\/musikogtro.dk\/#kontakt\">Kontakt mig<\/a><\/div>\n<\/div>\n\n\n\n<div style=\"height:var(--wp--preset--spacing--30)\" aria-hidden=\"true\" class=\"wp-block-spacer\"><\/div>\n\n\n\n<figure class=\"wp-block-image alignwide size-full is-style-rounded is-style-rounded--5\"><img loading=\"lazy\" decoding=\"async\" width=\"1392\" height=\"752\" src=\"http:\/\/musikogtro.dk\/wp-content\/uploads\/2025\/10\/Jon-i-teatersalen.jpg\" alt=\"Musik og Tro: Jon Bjarnason i Svendborg Teaters sal.\" class=\"wp-image-80\" srcset=\"https:\/\/musikogtro.dk\/wp-content\/uploads\/2025\/10\/Jon-i-teatersalen.jpg 1392w, https:\/\/musikogtro.dk\/wp-content\/uploads\/2025\/10\/Jon-i-teatersalen-300x162.jpg 300w, https:\/\/musikogtro.dk\/wp-content\/uploads\/2025\/10\/Jon-i-teatersalen-1024x553.jpg 1024w, https:\/\/musikogtro.dk\/wp-content\/uploads\/2025\/10\/Jon-i-teatersalen-768x415.jpg 768w\" sizes=\"auto, (max-width: 1392px) 100vw, 1392px\" \/><\/figure>\n<\/div>\n\n\n\n<div class=\"wp-block-group alignfull has-global-padding is-layout-constrained wp-container-core-group-is-layout-490fa1db wp-block-group-is-layout-constrained\" style=\"padding-top:var(--wp--preset--spacing--50);padding-right:var(--wp--preset--spacing--50);padding-bottom:var(--wp--preset--spacing--50);padding-left:var(--wp--preset--spacing--50)\">\n<div class=\"wp-block-group has-global-padding is-layout-constrained wp-container-core-group-is-layout-650790e1 wp-block-group-is-layout-constrained\">\n<h1 class=\"wp-block-heading has-text-align-center has-x-large-font-size\" id=\"kontakt\">Kontakt mig<\/h1>\n\n\n\n<div style=\"height:1.25rem\" aria-hidden=\"true\" class=\"wp-block-spacer\"><\/div>\n\n\n\n<p class=\"has-text-align-center\">\ud83d\udce7 <strong>Mail:<\/strong> <a href=\"kontakt@musikogtro.dk\">kontakt@musikogtro.dk<\/a><br>\ud83d\udcde <strong>Telefon:<\/strong> 42 15 13 99<\/p>\n\n\n\n<p class=\"has-text-align-center\">\ud83d\udcac <em>Skriv gerne, hvis du er pr\u00e6st, organist eller kulturmedarbejder med lyst til et samarbejde. Sammen kan vi finde den rette form til jeres kirke og menighed.<\/em><\/p>\n\n\n\n<div style=\"height:1.25rem\" aria-hidden=\"true\" class=\"wp-block-spacer\"><\/div>\n<\/div>\n\n\n\n<div class=\"wpcf7 no-js\" id=\"wpcf7-f93-o1\" lang=\"da-DK\" dir=\"ltr\" data-wpcf7-id=\"93\">\n<div class=\"screen-reader-response\"><p role=\"status\" aria-live=\"polite\" aria-atomic=\"true\"><\/p> <ul><\/ul><\/div>\n<form action=\"\/index.php\/wp-json\/wp\/v2\/pages\/58#wpcf7-f93-o1\" method=\"post\" class=\"wpcf7-form init\" aria-label=\"Kontaktformular\" novalidate=\"novalidate\" data-status=\"init\">\n<fieldset class=\"hidden-fields-container\"><input type=\"hidden\" name=\"_wpcf7\" value=\"93\" \/><input type=\"hidden\" name=\"_wpcf7_version\" value=\"6.1.4\" \/><input type=\"hidden\" name=\"_wpcf7_locale\" value=\"da_DK\" \/><input type=\"hidden\" name=\"_wpcf7_unit_tag\" value=\"wpcf7-f93-o1\" \/><input type=\"hidden\" name=\"_wpcf7_container_post\" value=\"0\" \/><input type=\"hidden\" name=\"_wpcf7_posted_data_hash\" value=\"\" \/>\n<\/fieldset>\n<div class=\"musikogtro-form\">\n\t<h3>Kontakt\n\t<\/h3>\n\t<p>Jeg gl\u00e6der mig til at h\u00f8re fra dig \u2013 uanset om du har sp\u00f8rgsm\u00e5l, id\u00e9er eller \u00f8nsker at planl\u00e6gge et samarbejde.\n\t<\/p>\n\t<p><label for=\"name\">Navn<\/label><br \/>\n<span class=\"wpcf7-form-control-wrap\" data-name=\"your-name\"><input size=\"40\" maxlength=\"400\" class=\"wpcf7-form-control wpcf7-text wpcf7-validates-as-required\" id=\"name\" aria-required=\"true\" aria-invalid=\"false\" placeholder=\"Dit navn\" value=\"\" type=\"text\" name=\"your-name\" \/><\/span>\n\t<\/p>\n\t<p><label for=\"email\">E-mail<\/label><br \/>\n<span class=\"wpcf7-form-control-wrap\" data-name=\"your-email\"><input size=\"40\" maxlength=\"400\" class=\"wpcf7-form-control wpcf7-email wpcf7-validates-as-required wpcf7-text wpcf7-validates-as-email\" id=\"email\" aria-required=\"true\" aria-invalid=\"false\" placeholder=\"Din e-mailadresse\" value=\"\" type=\"email\" name=\"your-email\" \/><\/span>\n\t<\/p>\n\t<p><label for=\"subject\">Emne<\/label><br \/>\n<span class=\"wpcf7-form-control-wrap\" data-name=\"your-subject\"><input size=\"40\" maxlength=\"400\" class=\"wpcf7-form-control wpcf7-text wpcf7-validates-as-required\" id=\"subject\" aria-required=\"true\" aria-invalid=\"false\" placeholder=\"Emne\" value=\"\" type=\"text\" name=\"your-subject\" \/><\/span>\n\t<\/p>\n\t<p><label for=\"message\">Besked<\/label><br \/>\n<span class=\"wpcf7-form-control-wrap\" data-name=\"your-message\"><textarea cols=\"40\" rows=\"10\" maxlength=\"2000\" class=\"wpcf7-form-control wpcf7-textarea wpcf7-validates-as-required\" id=\"message\" aria-required=\"true\" aria-invalid=\"false\" placeholder=\"Skriv din besked her...\" name=\"your-message\"><\/textarea><\/span>\n\t<\/p>\n\t<p class=\"submit-button\"><input class=\"wpcf7-form-control wpcf7-submit has-spinner\" type=\"submit\" value=\"Send besked\" \/>\n\t<\/p>\n<\/div><div class=\"wpcf7-response-output\" aria-hidden=\"true\"><\/div>\n<\/form>\n<\/div>\n\n\n\n\n<figure class=\"wp-block-gallery has-nested-images columns-default is-cropped wp-block-gallery-6 is-layout-flex wp-block-gallery-is-layout-flex\">\n<figure class=\"wp-block-image size-large\"><img loading=\"lazy\" decoding=\"async\" width=\"1024\" height=\"683\" data-id=\"137\" src=\"https:\/\/musikogtro.dk\/wp-content\/uploads\/2025\/10\/509517777_10234059799428330_935226893368454176_n-1024x683.jpg\" alt=\"\" class=\"wp-image-137\" srcset=\"https:\/\/musikogtro.dk\/wp-content\/uploads\/2025\/10\/509517777_10234059799428330_935226893368454176_n-1024x683.jpg 1024w, https:\/\/musikogtro.dk\/wp-content\/uploads\/2025\/10\/509517777_10234059799428330_935226893368454176_n-300x200.jpg 300w, https:\/\/musikogtro.dk\/wp-content\/uploads\/2025\/10\/509517777_10234059799428330_935226893368454176_n-768x512.jpg 768w, https:\/\/musikogtro.dk\/wp-content\/uploads\/2025\/10\/509517777_10234059799428330_935226893368454176_n-1536x1024.jpg 1536w, https:\/\/musikogtro.dk\/wp-content\/uploads\/2025\/10\/509517777_10234059799428330_935226893368454176_n.jpg 2048w\" sizes=\"auto, (max-width: 1024px) 100vw, 1024px\" \/><figcaption class=\"wp-element-caption\">The Swinging All Stars<\/figcaption><\/figure>\n\n\n\n<figure class=\"wp-block-image size-large\"><img loading=\"lazy\" decoding=\"async\" width=\"1024\" height=\"768\" data-id=\"138\" src=\"https:\/\/musikogtro.dk\/wp-content\/uploads\/2025\/10\/IMG_4847-1024x768.jpg\" alt=\"\" class=\"wp-image-138\" srcset=\"https:\/\/musikogtro.dk\/wp-content\/uploads\/2025\/10\/IMG_4847-1024x768.jpg 1024w, https:\/\/musikogtro.dk\/wp-content\/uploads\/2025\/10\/IMG_4847-300x225.jpg 300w, https:\/\/musikogtro.dk\/wp-content\/uploads\/2025\/10\/IMG_4847-768x576.jpg 768w, https:\/\/musikogtro.dk\/wp-content\/uploads\/2025\/10\/IMG_4847-1536x1152.jpg 1536w, https:\/\/musikogtro.dk\/wp-content\/uploads\/2025\/10\/IMG_4847-2048x1536.jpg 2048w\" sizes=\"auto, (max-width: 1024px) 100vw, 1024px\" \/><figcaption class=\"wp-element-caption\">Bamses Bedste<\/figcaption><\/figure>\n\n\n\n<figure class=\"wp-block-image size-large\"><img loading=\"lazy\" decoding=\"async\" width=\"1024\" height=\"910\" data-id=\"169\" src=\"https:\/\/musikogtro.dk\/wp-content\/uploads\/2025\/11\/JTToU-BF-1024x910.jpg\" alt=\"\" class=\"wp-image-169\" srcset=\"https:\/\/musikogtro.dk\/wp-content\/uploads\/2025\/11\/JTToU-BF-1024x910.jpg 1024w, https:\/\/musikogtro.dk\/wp-content\/uploads\/2025\/11\/JTToU-BF-300x267.jpg 300w, https:\/\/musikogtro.dk\/wp-content\/uploads\/2025\/11\/JTToU-BF-768x683.jpg 768w, https:\/\/musikogtro.dk\/wp-content\/uploads\/2025\/11\/JTToU-BF.jpg 1080w\" sizes=\"auto, (max-width: 1024px) 100vw, 1024px\" \/><figcaption class=\"wp-element-caption\">Just The Two of Us<\/figcaption><\/figure>\n\n\n\n<figure class=\"wp-block-image size-large\"><img loading=\"lazy\" decoding=\"async\" width=\"1024\" height=\"721\" data-id=\"172\" src=\"https:\/\/musikogtro.dk\/wp-content\/uploads\/2025\/11\/469911416_122135321006378524_6389542198595564607_n-1024x721.jpg\" alt=\"\" class=\"wp-image-172\" srcset=\"https:\/\/musikogtro.dk\/wp-content\/uploads\/2025\/11\/469911416_122135321006378524_6389542198595564607_n-1024x721.jpg 1024w, https:\/\/musikogtro.dk\/wp-content\/uploads\/2025\/11\/469911416_122135321006378524_6389542198595564607_n-300x211.jpg 300w, https:\/\/musikogtro.dk\/wp-content\/uploads\/2025\/11\/469911416_122135321006378524_6389542198595564607_n-768x541.jpg 768w, https:\/\/musikogtro.dk\/wp-content\/uploads\/2025\/11\/469911416_122135321006378524_6389542198595564607_n-1536x1082.jpg 1536w, https:\/\/musikogtro.dk\/wp-content\/uploads\/2025\/11\/469911416_122135321006378524_6389542198595564607_n.jpg 2048w\" sizes=\"auto, (max-width: 1024px) 100vw, 1024px\" \/><figcaption class=\"wp-element-caption\">Soutland Jazzband<\/figcaption><\/figure>\n\n\n\n<figure class=\"wp-block-image size-large\"><img loading=\"lazy\" decoding=\"async\" width=\"1024\" height=\"766\" data-id=\"159\" src=\"https:\/\/musikogtro.dk\/wp-content\/uploads\/2025\/11\/IMG_6012-1024x766.jpg\" alt=\"\" class=\"wp-image-159\" srcset=\"https:\/\/musikogtro.dk\/wp-content\/uploads\/2025\/11\/IMG_6012-1024x766.jpg 1024w, https:\/\/musikogtro.dk\/wp-content\/uploads\/2025\/11\/IMG_6012-300x225.jpg 300w, https:\/\/musikogtro.dk\/wp-content\/uploads\/2025\/11\/IMG_6012-768x575.jpg 768w, https:\/\/musikogtro.dk\/wp-content\/uploads\/2025\/11\/IMG_6012.jpg 1125w\" sizes=\"auto, (max-width: 1024px) 100vw, 1024px\" \/><figcaption class=\"wp-element-caption\">Jon Bjarnason Trio<\/figcaption><\/figure>\n\n\n\n<figure class=\"wp-block-image size-large\"><img loading=\"lazy\" decoding=\"async\" width=\"750\" height=\"563\" data-id=\"143\" src=\"https:\/\/musikogtro.dk\/wp-content\/uploads\/2025\/10\/IMG_6081.jpg\" alt=\"\" class=\"wp-image-143\" srcset=\"https:\/\/musikogtro.dk\/wp-content\/uploads\/2025\/10\/IMG_6081.jpg 750w, https:\/\/musikogtro.dk\/wp-content\/uploads\/2025\/10\/IMG_6081-300x225.jpg 300w\" sizes=\"auto, (max-width: 750px) 100vw, 750px\" \/><figcaption class=\"wp-element-caption\">Emil &amp; Jon<\/figcaption><\/figure>\n\n\n\n<figure class=\"wp-block-image size-large\"><img loading=\"lazy\" decoding=\"async\" width=\"1024\" height=\"576\" data-id=\"179\" src=\"https:\/\/musikogtro.dk\/wp-content\/uploads\/2025\/11\/IMG_6548-1024x576.jpg\" alt=\"\" class=\"wp-image-179\" srcset=\"https:\/\/musikogtro.dk\/wp-content\/uploads\/2025\/11\/IMG_6548-1024x576.jpg 1024w, https:\/\/musikogtro.dk\/wp-content\/uploads\/2025\/11\/IMG_6548-300x169.jpg 300w, https:\/\/musikogtro.dk\/wp-content\/uploads\/2025\/11\/IMG_6548-768x432.jpg 768w, https:\/\/musikogtro.dk\/wp-content\/uploads\/2025\/11\/IMG_6548-1536x864.jpg 1536w, https:\/\/musikogtro.dk\/wp-content\/uploads\/2025\/11\/IMG_6548-2048x1152.jpg 2048w\" sizes=\"auto, (max-width: 1024px) 100vw, 1024px\" \/><figcaption class=\"wp-element-caption\">Les Trois<\/figcaption><\/figure>\n\n\n\n<figure class=\"wp-block-image size-large\"><img loading=\"lazy\" decoding=\"async\" width=\"1024\" height=\"768\" data-id=\"161\" src=\"https:\/\/musikogtro.dk\/wp-content\/uploads\/2025\/11\/IMG_6063-1024x768.jpg\" alt=\"\" class=\"wp-image-161\" srcset=\"https:\/\/musikogtro.dk\/wp-content\/uploads\/2025\/11\/IMG_6063-1024x768.jpg 1024w, https:\/\/musikogtro.dk\/wp-content\/uploads\/2025\/11\/IMG_6063-300x225.jpg 300w, https:\/\/musikogtro.dk\/wp-content\/uploads\/2025\/11\/IMG_6063-768x576.jpg 768w, https:\/\/musikogtro.dk\/wp-content\/uploads\/2025\/11\/IMG_6063-1536x1152.jpg 1536w, https:\/\/musikogtro.dk\/wp-content\/uploads\/2025\/11\/IMG_6063-2048x1536.jpg 2048w\" sizes=\"auto, (max-width: 1024px) 100vw, 1024px\" \/><figcaption class=\"wp-element-caption\">Svendborg Fritidsteater<\/figcaption><\/figure>\n\n\n\n<figure class=\"wp-block-image size-large\"><img loading=\"lazy\" decoding=\"async\" width=\"836\" height=\"627\" data-id=\"157\" src=\"https:\/\/musikogtro.dk\/wp-content\/uploads\/2025\/11\/IMG_6071.jpg\" alt=\"\" class=\"wp-image-157\" srcset=\"https:\/\/musikogtro.dk\/wp-content\/uploads\/2025\/11\/IMG_6071.jpg 836w, https:\/\/musikogtro.dk\/wp-content\/uploads\/2025\/11\/IMG_6071-300x225.jpg 300w, https:\/\/musikogtro.dk\/wp-content\/uploads\/2025\/11\/IMG_6071-768x576.jpg 768w\" sizes=\"auto, (max-width: 836px) 100vw, 836px\" \/><figcaption class=\"wp-element-caption\">Streetparade<\/figcaption><\/figure>\n\n\n\n<figure class=\"wp-block-image size-large\"><img loading=\"lazy\" decoding=\"async\" width=\"1024\" height=\"678\" data-id=\"158\" src=\"https:\/\/musikogtro.dk\/wp-content\/uploads\/2025\/11\/857181_566727826725635_473700072_o-1024x678.jpg\" alt=\"\" class=\"wp-image-158\" srcset=\"https:\/\/musikogtro.dk\/wp-content\/uploads\/2025\/11\/857181_566727826725635_473700072_o-1024x678.jpg 1024w, https:\/\/musikogtro.dk\/wp-content\/uploads\/2025\/11\/857181_566727826725635_473700072_o-300x199.jpg 300w, https:\/\/musikogtro.dk\/wp-content\/uploads\/2025\/11\/857181_566727826725635_473700072_o-768x508.jpg 768w, https:\/\/musikogtro.dk\/wp-content\/uploads\/2025\/11\/857181_566727826725635_473700072_o-1536x1017.jpg 1536w, https:\/\/musikogtro.dk\/wp-content\/uploads\/2025\/11\/857181_566727826725635_473700072_o.jpg 1737w\" sizes=\"auto, (max-width: 1024px) 100vw, 1024px\" \/><figcaption class=\"wp-element-caption\">Baba &amp; The Tonebones<\/figcaption><\/figure>\n\n\n\n<figure class=\"wp-block-image size-large\"><img loading=\"lazy\" decoding=\"async\" width=\"1024\" height=\"683\" data-id=\"160\" src=\"https:\/\/musikogtro.dk\/wp-content\/uploads\/2025\/11\/MG_2028-1024x683.jpg\" alt=\"\" class=\"wp-image-160\" srcset=\"https:\/\/musikogtro.dk\/wp-content\/uploads\/2025\/11\/MG_2028-1024x683.jpg 1024w, https:\/\/musikogtro.dk\/wp-content\/uploads\/2025\/11\/MG_2028-300x200.jpg 300w, https:\/\/musikogtro.dk\/wp-content\/uploads\/2025\/11\/MG_2028-768x512.jpg 768w, https:\/\/musikogtro.dk\/wp-content\/uploads\/2025\/11\/MG_2028-1536x1024.jpg 1536w, https:\/\/musikogtro.dk\/wp-content\/uploads\/2025\/11\/MG_2028.jpg 2048w\" sizes=\"auto, (max-width: 1024px) 100vw, 1024px\" \/><figcaption class=\"wp-element-caption\">Summertime Jazztrio<\/figcaption><\/figure>\n<figcaption class=\"blocks-gallery-caption wp-element-caption\">En lille bitte udpluk fra tiden der gik &#8211; og den der stadig er<\/figcaption><\/figure>\n<\/div>\n","protected":false},"excerpt":{"rendered":"<p>Musik og Tro &#8211; N\u00e5r toner og fort\u00e6lling m\u00f8des Musik og tro er et musikalsk samarbejde mellem kirke og musiker, frem i mod en kirkekoncert, temagudstjeneste eller lignende.<br \/> Sammen skaber vi et rum for oplevelse, n\u00e6rv\u00e6r og f\u00e6llesskab i kirken.<br \/> \u201cHvor ordet slipper, begynder musikken.<br \/>\u201d Om projektet &#8211; Et samarbejde om tro, fort\u00e6lling og musik.<br \/>[\u2026]<\/p>\n","protected":false},"author":1,"featured_media":0,"parent":0,"menu_order":0,"comment_status":"closed","ping_status":"closed","template":"page-no-title","meta":{"remove_blocks_before_content":false,"remove_blocks_after_content":false,"disable_reading_progress_bar":false,"footnotes":""},"class_list":["post-58","page","type-page","status-publish","hentry"],"yoast_head":"<!-- This site is optimized with the Yoast SEO plugin v26.7 - https:\/\/yoast.com\/wordpress\/plugins\/seo\/ -->\n<title>Musik og Tro - N\u00e5r musik og fort\u00e6lling m\u00f8des - Kirkekoncerter - Jon Bjarnason<\/title>\n<meta name=\"description\" content=\"Salmer og h\u00f8jskolesange f\u00e5r nyt liv i samarbejdet mellem din kirke og musiker Jon Bjarnason. Oplev magiske stunder i kirken med Musik og Tro.\" \/>\n<meta name=\"robots\" content=\"index, follow, max-snippet:-1, max-image-preview:large, max-video-preview:-1\" \/>\n<link rel=\"canonical\" href=\"https:\/\/musikogtro.dk\/\" \/>\n<meta property=\"og:locale\" content=\"da_DK\" \/>\n<meta property=\"og:type\" content=\"article\" \/>\n<meta property=\"og:title\" content=\"Musik og tro: En rejse gennem musikkens verden\" \/>\n<meta property=\"og:description\" content=\"Udforsk musik og tro i kirken. F\u00e6llesskab og n\u00e6rv\u00e6r gennem musikalske arrangementer og temagudstjenester.\" \/>\n<meta property=\"og:url\" content=\"https:\/\/musikogtro.dk\/\" \/>\n<meta property=\"og:site_name\" content=\"Musik og Tro\" \/>\n<meta property=\"article:modified_time\" content=\"2025-11-02T13:46:05+00:00\" \/>\n<meta property=\"og:image\" content=\"http:\/\/musikogtro.dk\/wp-content\/uploads\/2025\/11\/Jon-i-teateret.jpg\" \/>\n<meta name=\"twitter:card\" content=\"summary_large_image\" \/>\n<meta name=\"twitter:title\" content=\"Musik og tro: Et samarbejde i kirken\" \/>\n<meta name=\"twitter:description\" content=\"Udforsk musik og tro i kirken. F\u00e6llesskab og n\u00e6rv\u00e6r gennem musikalske arrangementer og temagudstjenester.\" \/>\n<meta name=\"twitter:label1\" content=\"Estimeret l\u00e6setid\" \/>\n\t<meta name=\"twitter:data1\" content=\"7 minutter\" \/>\n<script type=\"application\/ld+json\" class=\"yoast-schema-graph\">{\"@context\":\"https:\/\/schema.org\",\"@graph\":[{\"@type\":\"WebPage\",\"@id\":\"https:\/\/musikogtro.dk\/\",\"url\":\"https:\/\/musikogtro.dk\/\",\"name\":\"Musik og Tro - N\u00e5r musik og fort\u00e6lling m\u00f8des - Kirkekoncerter - Jon Bjarnason\",\"isPartOf\":{\"@id\":\"https:\/\/musikogtro.dk\/#website\"},\"primaryImageOfPage\":{\"@id\":\"https:\/\/musikogtro.dk\/#primaryimage\"},\"image\":{\"@id\":\"https:\/\/musikogtro.dk\/#primaryimage\"},\"thumbnailUrl\":\"http:\/\/musikogtro.dk\/wp-content\/uploads\/2025\/11\/Jon-i-teateret.jpg\",\"datePublished\":\"2025-10-31T12:50:18+00:00\",\"dateModified\":\"2025-11-02T13:46:05+00:00\",\"description\":\"Salmer og h\u00f8jskolesange f\u00e5r nyt liv i samarbejdet mellem din kirke og musiker Jon Bjarnason. Oplev magiske stunder i kirken med Musik og Tro.\",\"breadcrumb\":{\"@id\":\"https:\/\/musikogtro.dk\/#breadcrumb\"},\"inLanguage\":\"da-DK\",\"potentialAction\":[{\"@type\":\"ReadAction\",\"target\":[\"https:\/\/musikogtro.dk\/\"]}]},{\"@type\":\"ImageObject\",\"inLanguage\":\"da-DK\",\"@id\":\"https:\/\/musikogtro.dk\/#primaryimage\",\"url\":\"https:\/\/musikogtro.dk\/wp-content\/uploads\/2025\/11\/Jon-i-teateret.jpg\",\"contentUrl\":\"https:\/\/musikogtro.dk\/wp-content\/uploads\/2025\/11\/Jon-i-teateret.jpg\",\"width\":1392,\"height\":752},{\"@type\":\"BreadcrumbList\",\"@id\":\"https:\/\/musikogtro.dk\/#breadcrumb\",\"itemListElement\":[{\"@type\":\"ListItem\",\"position\":1,\"name\":\"Hjem\",\"item\":\"https:\/\/musikogtro.dk\/\"},{\"@type\":\"ListItem\",\"position\":2,\"name\":\"Musik og Tro\"}]},{\"@type\":\"WebSite\",\"@id\":\"https:\/\/musikogtro.dk\/#website\",\"url\":\"https:\/\/musikogtro.dk\/\",\"name\":\"Musik og Tro\",\"description\":\"N\u00e5r musik og fort\u00e6lling m\u00f8des\",\"publisher\":{\"@id\":\"https:\/\/musikogtro.dk\/#\/schema\/person\/c7205ebf938697413a9bc110171ff579\"},\"alternateName\":\"musikogtro\",\"potentialAction\":[{\"@type\":\"SearchAction\",\"target\":{\"@type\":\"EntryPoint\",\"urlTemplate\":\"https:\/\/musikogtro.dk\/?s={search_term_string}\"},\"query-input\":{\"@type\":\"PropertyValueSpecification\",\"valueRequired\":true,\"valueName\":\"search_term_string\"}}],\"inLanguage\":\"da-DK\"},{\"@type\":[\"Person\",\"Organization\"],\"@id\":\"https:\/\/musikogtro.dk\/#\/schema\/person\/c7205ebf938697413a9bc110171ff579\",\"name\":\"admin\",\"image\":{\"@type\":\"ImageObject\",\"inLanguage\":\"da-DK\",\"@id\":\"https:\/\/musikogtro.dk\/#\/schema\/person\/image\/\",\"url\":\"https:\/\/musikogtro.dk\/wp-content\/uploads\/2025\/11\/cropped-MusikogtroLogo1.png\",\"contentUrl\":\"https:\/\/musikogtro.dk\/wp-content\/uploads\/2025\/11\/cropped-MusikogtroLogo1.png\",\"width\":512,\"height\":512,\"caption\":\"admin\"},\"logo\":{\"@id\":\"https:\/\/musikogtro.dk\/#\/schema\/person\/image\/\"},\"description\":\"Jeg er sanger, guitarist og l\u00e6rer. Spiller i hele landet med faste bands, sammensatte bands til lejligheden, alene, duo, trio og som tilkaldevikar i diverse orkestre. Jeg l\u00f8ser opgaver for kunder med variede behov og er ogs\u00e5 tilknyttet som freelancer i forskellige booking bureau'er.\",\"sameAs\":[\"http:\/\/musikogtro.dk\"]}]}<\/script>\n<!-- \/ Yoast SEO plugin. -->","yoast_head_json":{"title":"Musik og Tro - N\u00e5r musik og fort\u00e6lling m\u00f8des - Kirkekoncerter - Jon Bjarnason","description":"Salmer og h\u00f8jskolesange f\u00e5r nyt liv i samarbejdet mellem din kirke og musiker Jon Bjarnason. Oplev magiske stunder i kirken med Musik og Tro.","robots":{"index":"index","follow":"follow","max-snippet":"max-snippet:-1","max-image-preview":"max-image-preview:large","max-video-preview":"max-video-preview:-1"},"canonical":"https:\/\/musikogtro.dk\/","og_locale":"da_DK","og_type":"article","og_title":"Musik og tro: En rejse gennem musikkens verden","og_description":"Udforsk musik og tro i kirken. F\u00e6llesskab og n\u00e6rv\u00e6r gennem musikalske arrangementer og temagudstjenester.","og_url":"https:\/\/musikogtro.dk\/","og_site_name":"Musik og Tro","article_modified_time":"2025-11-02T13:46:05+00:00","og_image":[{"url":"http:\/\/musikogtro.dk\/wp-content\/uploads\/2025\/11\/Jon-i-teateret.jpg","type":"","width":"","height":""}],"twitter_card":"summary_large_image","twitter_title":"Musik og tro: Et samarbejde i kirken","twitter_description":"Udforsk musik og tro i kirken. F\u00e6llesskab og n\u00e6rv\u00e6r gennem musikalske arrangementer og temagudstjenester.","twitter_misc":{"Estimeret l\u00e6setid":"7 minutter"},"schema":{"@context":"https:\/\/schema.org","@graph":[{"@type":"WebPage","@id":"https:\/\/musikogtro.dk\/","url":"https:\/\/musikogtro.dk\/","name":"Musik og Tro - N\u00e5r musik og fort\u00e6lling m\u00f8des - Kirkekoncerter - Jon Bjarnason","isPartOf":{"@id":"https:\/\/musikogtro.dk\/#website"},"primaryImageOfPage":{"@id":"https:\/\/musikogtro.dk\/#primaryimage"},"image":{"@id":"https:\/\/musikogtro.dk\/#primaryimage"},"thumbnailUrl":"http:\/\/musikogtro.dk\/wp-content\/uploads\/2025\/11\/Jon-i-teateret.jpg","datePublished":"2025-10-31T12:50:18+00:00","dateModified":"2025-11-02T13:46:05+00:00","description":"Salmer og h\u00f8jskolesange f\u00e5r nyt liv i samarbejdet mellem din kirke og musiker Jon Bjarnason. Oplev magiske stunder i kirken med Musik og Tro.","breadcrumb":{"@id":"https:\/\/musikogtro.dk\/#breadcrumb"},"inLanguage":"da-DK","potentialAction":[{"@type":"ReadAction","target":["https:\/\/musikogtro.dk\/"]}]},{"@type":"ImageObject","inLanguage":"da-DK","@id":"https:\/\/musikogtro.dk\/#primaryimage","url":"https:\/\/musikogtro.dk\/wp-content\/uploads\/2025\/11\/Jon-i-teateret.jpg","contentUrl":"https:\/\/musikogtro.dk\/wp-content\/uploads\/2025\/11\/Jon-i-teateret.jpg","width":1392,"height":752},{"@type":"BreadcrumbList","@id":"https:\/\/musikogtro.dk\/#breadcrumb","itemListElement":[{"@type":"ListItem","position":1,"name":"Hjem","item":"https:\/\/musikogtro.dk\/"},{"@type":"ListItem","position":2,"name":"Musik og Tro"}]},{"@type":"WebSite","@id":"https:\/\/musikogtro.dk\/#website","url":"https:\/\/musikogtro.dk\/","name":"Musik og Tro","description":"N\u00e5r musik og fort\u00e6lling m\u00f8des","publisher":{"@id":"https:\/\/musikogtro.dk\/#\/schema\/person\/c7205ebf938697413a9bc110171ff579"},"alternateName":"musikogtro","potentialAction":[{"@type":"SearchAction","target":{"@type":"EntryPoint","urlTemplate":"https:\/\/musikogtro.dk\/?s={search_term_string}"},"query-input":{"@type":"PropertyValueSpecification","valueRequired":true,"valueName":"search_term_string"}}],"inLanguage":"da-DK"},{"@type":["Person","Organization"],"@id":"https:\/\/musikogtro.dk\/#\/schema\/person\/c7205ebf938697413a9bc110171ff579","name":"admin","image":{"@type":"ImageObject","inLanguage":"da-DK","@id":"https:\/\/musikogtro.dk\/#\/schema\/person\/image\/","url":"https:\/\/musikogtro.dk\/wp-content\/uploads\/2025\/11\/cropped-MusikogtroLogo1.png","contentUrl":"https:\/\/musikogtro.dk\/wp-content\/uploads\/2025\/11\/cropped-MusikogtroLogo1.png","width":512,"height":512,"caption":"admin"},"logo":{"@id":"https:\/\/musikogtro.dk\/#\/schema\/person\/image\/"},"description":"Jeg er sanger, guitarist og l\u00e6rer. Spiller i hele landet med faste bands, sammensatte bands til lejligheden, alene, duo, trio og som tilkaldevikar i diverse orkestre. Jeg l\u00f8ser opgaver for kunder med variede behov og er ogs\u00e5 tilknyttet som freelancer i forskellige booking bureau'er.","sameAs":["http:\/\/musikogtro.dk"]}]}},"_links":{"self":[{"href":"https:\/\/musikogtro.dk\/index.php\/wp-json\/wp\/v2\/pages\/58","targetHints":{"allow":["GET"]}}],"collection":[{"href":"https:\/\/musikogtro.dk\/index.php\/wp-json\/wp\/v2\/pages"}],"about":[{"href":"https:\/\/musikogtro.dk\/index.php\/wp-json\/wp\/v2\/types\/page"}],"author":[{"embeddable":true,"href":"https:\/\/musikogtro.dk\/index.php\/wp-json\/wp\/v2\/users\/1"}],"replies":[{"embeddable":true,"href":"https:\/\/musikogtro.dk\/index.php\/wp-json\/wp\/v2\/comments?post=58"}],"version-history":[{"count":98,"href":"https:\/\/musikogtro.dk\/index.php\/wp-json\/wp\/v2\/pages\/58\/revisions"}],"predecessor-version":[{"id":266,"href":"https:\/\/musikogtro.dk\/index.php\/wp-json\/wp\/v2\/pages\/58\/revisions\/266"}],"wp:attachment":[{"href":"https:\/\/musikogtro.dk\/index.php\/wp-json\/wp\/v2\/media?parent=58"}],"curies":[{"name":"wp","href":"https:\/\/api.w.org\/{rel}","templated":true}]}}